{"id":26466,"date":"2023-06-15T10:12:01","date_gmt":"2023-06-15T09:12:01","guid":{"rendered":"https:\/\/capotex.com\/blog-nachrichten\/"},"modified":"2023-07-22T06:16:45","modified_gmt":"2023-07-22T05:16:45","slug":"blog-nachrichten","status":"publish","type":"page","link":"https:\/\/www.capotex.com\/de\/blog-nachrichten\/","title":{"rendered":"Blog &amp; Nachrichten"},"content":{"rendered":"\t\t<div data-elementor-type=\"wp-page\" data-elementor-id=\"26466\" class=\"elementor elementor-26466 elementor-23674\" data-elementor-post-type=\"page\">\n\t\t\t\t<div class=\"elementor-element elementor-element-18cace8 e-flex e-con-boxed e-con e-parent\" data-id=\"18cace8\" data-element_type=\"container\" data-e-type=\"container\">\n\t\t\t\t\t<div class=\"e-con-inner\">\n\t\t\t\t<div class=\"elementor-element elementor-element-5a4bb34 elementor-widget elementor-widget-heading\" data-id=\"5a4bb34\" data-element_type=\"widget\" data-e-type=\"widget\" data-widget_type=\"heading.default\">\n\t\t\t\t<div class=\"elementor-widget-container\">\n\t\t\t\t\t<h2 class=\"elementor-heading-title elementor-size-default\">Blog &amp; Nachrichten<\/h2>\t\t\t\t<\/div>\n\t\t\t\t<\/div>\n\t\t\t\t\t<\/div>\n\t\t\t\t<\/div>\n\t\t<div class=\"elementor-element elementor-element-90bcf7f e-flex e-con-boxed e-con e-parent\" data-id=\"90bcf7f\" data-element_type=\"container\" data-e-type=\"container\">\n\t\t\t\t\t<div class=\"e-con-inner\">\n\t\t\t\t<div class=\"elementor-element elementor-element-130b6ec elementor-nav-menu--dropdown-none elementor-widget elementor-widget-nav-menu\" data-id=\"130b6ec\" data-element_type=\"widget\" data-e-type=\"widget\" data-settings=\"{&quot;layout&quot;:&quot;horizontal&quot;,&quot;submenu_icon&quot;:{&quot;value&quot;:&quot;&lt;i class=\\&quot;fas fa-caret-down\\&quot; aria-hidden=\\&quot;true\\&quot;&gt;&lt;\\\/i&gt;&quot;,&quot;library&quot;:&quot;fa-solid&quot;}}\" data-widget_type=\"nav-menu.default\">\n\t\t\t\t<div class=\"elementor-widget-container\">\n\t\t\t\t\t\t\t\t<nav aria-label=\"Men\u00fc\" class=\"elementor-nav-menu--main elementor-nav-menu__container elementor-nav-menu--layout-horizontal e--pointer-underline e--animation-fade\">\n\t\t\t\t<ul id=\"menu-1-130b6ec\" class=\"elementor-nav-menu\"><li class=\"menu-item menu-item-type-taxonomy menu-item-object-category menu-item-26829\"><a href=\"https:\/\/www.capotex.com\/de\/category\/nachrichten-uber-bergbau-und-steinbruche\/\" class=\"elementor-item\">Nachrichten \u00fcber Bergbau und Steinbr\u00fcche<\/a><\/li>\n<li class=\"menu-item menu-item-type-taxonomy menu-item-object-category menu-item-26830\"><a href=\"https:\/\/www.capotex.com\/de\/category\/messen-und-ausstellungen\/\" class=\"elementor-item\">Messen und Ausstellungen<\/a><\/li>\n<\/ul>\t\t\t<\/nav>\n\t\t\t\t\t\t<nav class=\"elementor-nav-menu--dropdown elementor-nav-menu__container\" aria-hidden=\"true\">\n\t\t\t\t<ul id=\"menu-2-130b6ec\" class=\"elementor-nav-menu\"><li class=\"menu-item menu-item-type-taxonomy menu-item-object-category menu-item-26829\"><a href=\"https:\/\/www.capotex.com\/de\/category\/nachrichten-uber-bergbau-und-steinbruche\/\" class=\"elementor-item\" tabindex=\"-1\">Nachrichten \u00fcber Bergbau und Steinbr\u00fcche<\/a><\/li>\n<li class=\"menu-item menu-item-type-taxonomy menu-item-object-category menu-item-26830\"><a href=\"https:\/\/www.capotex.com\/de\/category\/messen-und-ausstellungen\/\" class=\"elementor-item\" tabindex=\"-1\">Messen und Ausstellungen<\/a><\/li>\n<\/ul>\t\t\t<\/nav>\n\t\t\t\t\t\t<\/div>\n\t\t\t\t<\/div>\n\t\t\t\t<div class=\"elementor-element elementor-element-88cf94e elementor-grid-3 elementor-grid-tablet-2 elementor-grid-mobile-1 elementor-posts--thumbnail-top elementor-card-shadow-yes elementor-posts__hover-gradient elementor-widget elementor-widget-posts\" data-id=\"88cf94e\" data-element_type=\"widget\" data-e-type=\"widget\" data-settings=\"{&quot;cards_masonry&quot;:&quot;yes&quot;,&quot;pagination_type&quot;:&quot;numbers&quot;,&quot;cards_columns&quot;:&quot;3&quot;,&quot;cards_columns_tablet&quot;:&quot;2&quot;,&quot;cards_columns_mobile&quot;:&quot;1&quot;,&quot;cards_row_gap&quot;:{&quot;unit&quot;:&quot;px&quot;,&quot;size&quot;:35,&quot;sizes&quot;:[]},&quot;cards_row_gap_tablet&quot;:{&quot;unit&quot;:&quot;px&quot;,&quot;size&quot;:&quot;&quot;,&quot;sizes&quot;:[]},&quot;cards_row_gap_mobile&quot;:{&quot;unit&quot;:&quot;px&quot;,&quot;size&quot;:&quot;&quot;,&quot;sizes&quot;:[]}}\" data-widget_type=\"posts.cards\">\n\t\t\t\t<div class=\"elementor-widget-container\">\n\t\t\t\t\t\t\t<div class=\"elementor-posts-container elementor-posts elementor-posts--skin-cards elementor-grid\" role=\"list\">\n\t\t\t\t<article class=\"elementor-post elementor-grid-item post-31705 post type-post status-publish format-standard has-post-thumbnail hentry category-nachrichten-uber-bergbau-und-steinbruche\" role=\"listitem\">\n\t\t\t<div class=\"elementor-post__card\">\n\t\t\t\t<a class=\"elementor-post__thumbnail__link\" href=\"https:\/\/www.capotex.com\/de\/die-peruanische-regierung-genehmigt-die-aenderung-der-umweltvertraeglichkeitspruefung-meia-von-antamina\/\" tabindex=\"-1\" ><div class=\"elementor-post__thumbnail\"><img fetchpriority=\"high\" decoding=\"async\" width=\"600\" height=\"338\" src=\"https:\/\/www.capotex.com\/wp-content\/uploads\/2024\/02\/Antamina-news-Peru-2024.jpg\" class=\"attachment-full size-full wp-image-31675\" alt=\"Antamina news Peru 2024\" srcset=\"https:\/\/www.capotex.com\/wp-content\/uploads\/2024\/02\/Antamina-news-Peru-2024.jpg 600w, https:\/\/www.capotex.com\/wp-content\/uploads\/2024\/02\/Antamina-news-Peru-2024-300x169.jpg 300w\" sizes=\"(max-width: 600px) 100vw, 600px\" \/><\/div><\/a>\n\t\t\t\t<div class=\"elementor-post__text\">\n\t\t\t\t<h3 class=\"elementor-post__title\">\n\t\t\t<a href=\"https:\/\/www.capotex.com\/de\/die-peruanische-regierung-genehmigt-die-aenderung-der-umweltvertraeglichkeitspruefung-meia-von-antamina\/\" >\n\t\t\t\tDie peruanische Regierung genehmigt die \u00c4nderung der Umweltvertr\u00e4glichkeitspr\u00fcfung (MEIA) von Antamina\t\t\t<\/a>\n\t\t<\/h3>\n\t\t\n\t\t<a class=\"elementor-post__read-more\" href=\"https:\/\/www.capotex.com\/de\/die-peruanische-regierung-genehmigt-die-aenderung-der-umweltvertraeglichkeitspruefung-meia-von-antamina\/\" aria-label=\"Mehr \u00fcber Die peruanische Regierung genehmigt die \u00c4nderung der Umweltvertr\u00e4glichkeitspr\u00fcfung (MEIA) von Antamina\" tabindex=\"-1\" >\n\t\t\tMehr lesen \"\t\t<\/a>\n\n\t\t\t\t<\/div>\n\t\t\t\t\t<\/div>\n\t\t<\/article>\n\t\t\t\t<article class=\"elementor-post elementor-grid-item post-26694 post type-post status-publish format-standard has-post-thumbnail hentry category-messen-und-ausstellungen\" role=\"listitem\">\n\t\t\t<div class=\"elementor-post__card\">\n\t\t\t\t<a class=\"elementor-post__thumbnail__link\" href=\"https:\/\/www.capotex.com\/de\/bauma-2022-mit-unseren-freunden-und-kunden\/\" tabindex=\"-1\" ><div class=\"elementor-post__thumbnail\"><img decoding=\"async\" width=\"800\" height=\"730\" src=\"https:\/\/www.capotex.com\/wp-content\/uploads\/2022\/11\/Capotex-at-Bauma-2022.jpg\" class=\"attachment-full size-full wp-image-23267\" alt=\"Capotex at Bauma 2022\" srcset=\"https:\/\/www.capotex.com\/wp-content\/uploads\/2022\/11\/Capotex-at-Bauma-2022.jpg 800w, https:\/\/www.capotex.com\/wp-content\/uploads\/2022\/11\/Capotex-at-Bauma-2022-300x274.jpg 300w, https:\/\/www.capotex.com\/wp-content\/uploads\/2022\/11\/Capotex-at-Bauma-2022-768x701.jpg 768w\" sizes=\"(max-width: 800px) 100vw, 800px\" \/><\/div><\/a>\n\t\t\t\t<div class=\"elementor-post__text\">\n\t\t\t\t<h3 class=\"elementor-post__title\">\n\t\t\t<a href=\"https:\/\/www.capotex.com\/de\/bauma-2022-mit-unseren-freunden-und-kunden\/\" >\n\t\t\t\tBauma 2022 mit unseren Freunden und Kunden!\t\t\t<\/a>\n\t\t<\/h3>\n\t\t\n\t\t<a class=\"elementor-post__read-more\" href=\"https:\/\/www.capotex.com\/de\/bauma-2022-mit-unseren-freunden-und-kunden\/\" aria-label=\"Mehr \u00fcber Bauma 2022 mit unseren Freunden und Kunden!\" tabindex=\"-1\" >\n\t\t\tMehr lesen \"\t\t<\/a>\n\n\t\t\t\t<\/div>\n\t\t\t\t\t<\/div>\n\t\t<\/article>\n\t\t\t\t<article class=\"elementor-post elementor-grid-item post-26681 post type-post status-publish format-standard has-post-thumbnail hentry category-messen-und-ausstellungen\" role=\"listitem\">\n\t\t\t<div class=\"elementor-post__card\">\n\t\t\t\t<a class=\"elementor-post__thumbnail__link\" href=\"https:\/\/www.capotex.com\/de\/capotex-wird-auf-der-perumin-2022-vertreten-sein\/\" tabindex=\"-1\" ><div class=\"elementor-post__thumbnail\"><img decoding=\"async\" width=\"546\" height=\"190\" src=\"https:\/\/www.capotex.com\/wp-content\/uploads\/2022\/09\/Capotex-Perumin-2022.webp\" class=\"attachment-full size-full wp-image-23313\" alt=\"Capotex at Perumin 2022\" srcset=\"https:\/\/www.capotex.com\/wp-content\/uploads\/2022\/09\/Capotex-Perumin-2022.webp 546w, https:\/\/www.capotex.com\/wp-content\/uploads\/2022\/09\/Capotex-Perumin-2022-300x104.webp 300w\" sizes=\"(max-width: 546px) 100vw, 546px\" \/><\/div><\/a>\n\t\t\t\t<div class=\"elementor-post__text\">\n\t\t\t\t<h3 class=\"elementor-post__title\">\n\t\t\t<a href=\"https:\/\/www.capotex.com\/de\/capotex-wird-auf-der-perumin-2022-vertreten-sein\/\" >\n\t\t\t\tCapotex wird auf der Perumin 2022 vertreten sein\t\t\t<\/a>\n\t\t<\/h3>\n\t\t\n\t\t<a class=\"elementor-post__read-more\" href=\"https:\/\/www.capotex.com\/de\/capotex-wird-auf-der-perumin-2022-vertreten-sein\/\" aria-label=\"Mehr \u00fcber Capotex wird auf der Perumin 2022 vertreten sein\" tabindex=\"-1\" >\n\t\t\tMehr lesen \"\t\t<\/a>\n\n\t\t\t\t<\/div>\n\t\t\t\t\t<\/div>\n\t\t<\/article>\n\t\t\t\t<article class=\"elementor-post elementor-grid-item post-26691 post type-post status-publish format-standard has-post-thumbnail hentry category-messen-und-ausstellungen\" role=\"listitem\">\n\t\t\t<div class=\"elementor-post__card\">\n\t\t\t\t<a class=\"elementor-post__thumbnail__link\" href=\"https:\/\/www.capotex.com\/de\/pimasa-und-capotex-auf-der-exposibram-brasil-2022\/\" tabindex=\"-1\" ><div class=\"elementor-post__thumbnail\"><img loading=\"lazy\" decoding=\"async\" width=\"1024\" height=\"768\" src=\"https:\/\/www.capotex.com\/wp-content\/uploads\/2022\/09\/Capotex-at-Exposibram-2022.webp\" class=\"attachment-full size-full wp-image-23323\" alt=\"Capotex at Exposibram 2022\" srcset=\"https:\/\/www.capotex.com\/wp-content\/uploads\/2022\/09\/Capotex-at-Exposibram-2022.webp 1024w, https:\/\/www.capotex.com\/wp-content\/uploads\/2022\/09\/Capotex-at-Exposibram-2022-300x225.webp 300w, https:\/\/www.capotex.com\/wp-content\/uploads\/2022\/09\/Capotex-at-Exposibram-2022-768x576.webp 768w\" sizes=\"(max-width: 1024px) 100vw, 1024px\" \/><\/div><\/a>\n\t\t\t\t<div class=\"elementor-post__text\">\n\t\t\t\t<h3 class=\"elementor-post__title\">\n\t\t\t<a href=\"https:\/\/www.capotex.com\/de\/pimasa-und-capotex-auf-der-exposibram-brasil-2022\/\" >\n\t\t\t\tPimasa und Capotex auf der Exposibram Brasil 2022\t\t\t<\/a>\n\t\t<\/h3>\n\t\t\n\t\t<a class=\"elementor-post__read-more\" href=\"https:\/\/www.capotex.com\/de\/pimasa-und-capotex-auf-der-exposibram-brasil-2022\/\" aria-label=\"Mehr \u00fcber Pimasa und Capotex auf der Exposibram Brasil 2022\" tabindex=\"-1\" >\n\t\t\tMehr lesen \"\t\t<\/a>\n\n\t\t\t\t<\/div>\n\t\t\t\t\t<\/div>\n\t\t<\/article>\n\t\t\t\t<article class=\"elementor-post elementor-grid-item post-26668 post type-post status-publish format-standard has-post-thumbnail hentry category-messen-und-ausstellungen\" role=\"listitem\">\n\t\t\t<div class=\"elementor-post__card\">\n\t\t\t\t<a class=\"elementor-post__thumbnail__link\" href=\"https:\/\/www.capotex.com\/de\/capotex-stellt-zusammen-mit-pimasa-brasil-auf-der-exposibram-aus\/\" tabindex=\"-1\" ><div class=\"elementor-post__thumbnail\"><img loading=\"lazy\" decoding=\"async\" width=\"683\" height=\"274\" src=\"https:\/\/www.capotex.com\/wp-content\/uploads\/2022\/09\/Exposibram-2022.webp\" class=\"attachment-full size-full wp-image-23330\" alt=\"Capotex will be present at Exposibram 2022\" srcset=\"https:\/\/www.capotex.com\/wp-content\/uploads\/2022\/09\/Exposibram-2022.webp 683w, https:\/\/www.capotex.com\/wp-content\/uploads\/2022\/09\/Exposibram-2022-300x120.webp 300w\" sizes=\"(max-width: 683px) 100vw, 683px\" \/><\/div><\/a>\n\t\t\t\t<div class=\"elementor-post__text\">\n\t\t\t\t<h3 class=\"elementor-post__title\">\n\t\t\t<a href=\"https:\/\/www.capotex.com\/de\/capotex-stellt-zusammen-mit-pimasa-brasil-auf-der-exposibram-aus\/\" >\n\t\t\t\tCapotex stellt zusammen mit Pimasa Brasil auf der Exposibram aus\t\t\t<\/a>\n\t\t<\/h3>\n\t\t\n\t\t<a class=\"elementor-post__read-more\" href=\"https:\/\/www.capotex.com\/de\/capotex-stellt-zusammen-mit-pimasa-brasil-auf-der-exposibram-aus\/\" aria-label=\"Mehr \u00fcber Capotex stellt zusammen mit Pimasa Brasil auf der Exposibram aus\" tabindex=\"-1\" >\n\t\t\tMehr lesen \"\t\t<\/a>\n\n\t\t\t\t<\/div>\n\t\t\t\t\t<\/div>\n\t\t<\/article>\n\t\t\t\t<article class=\"elementor-post elementor-grid-item post-26609 post type-post status-publish format-standard has-post-thumbnail hentry category-messen-und-ausstellungen\" role=\"listitem\">\n\t\t\t<div class=\"elementor-post__card\">\n\t\t\t\t<a class=\"elementor-post__thumbnail__link\" href=\"https:\/\/www.capotex.com\/de\/besuchen-sie-uns-auf-den-naechsten-messen-im-herbst\/\" tabindex=\"-1\" ><div class=\"elementor-post__thumbnail\"><img loading=\"lazy\" decoding=\"async\" width=\"1600\" height=\"1200\" src=\"https:\/\/www.capotex.com\/wp-content\/uploads\/2022\/09\/Come-and-visit-us-at-trade-fairs.webp\" class=\"attachment-full size-full wp-image-23337\" alt=\"Visit us at several trade fairs in 2022\" srcset=\"https:\/\/www.capotex.com\/wp-content\/uploads\/2022\/09\/Come-and-visit-us-at-trade-fairs.webp 1600w, https:\/\/www.capotex.com\/wp-content\/uploads\/2022\/09\/Come-and-visit-us-at-trade-fairs-300x225.webp 300w, https:\/\/www.capotex.com\/wp-content\/uploads\/2022\/09\/Come-and-visit-us-at-trade-fairs-1024x768.webp 1024w, https:\/\/www.capotex.com\/wp-content\/uploads\/2022\/09\/Come-and-visit-us-at-trade-fairs-768x576.webp 768w, https:\/\/www.capotex.com\/wp-content\/uploads\/2022\/09\/Come-and-visit-us-at-trade-fairs-1536x1152.webp 1536w\" sizes=\"(max-width: 1600px) 100vw, 1600px\" \/><\/div><\/a>\n\t\t\t\t<div class=\"elementor-post__text\">\n\t\t\t\t<h3 class=\"elementor-post__title\">\n\t\t\t<a href=\"https:\/\/www.capotex.com\/de\/besuchen-sie-uns-auf-den-naechsten-messen-im-herbst\/\" >\n\t\t\t\tBesuchen Sie uns auf den n\u00e4chsten Messen im Herbst\t\t\t<\/a>\n\t\t<\/h3>\n\t\t\n\t\t<a class=\"elementor-post__read-more\" href=\"https:\/\/www.capotex.com\/de\/besuchen-sie-uns-auf-den-naechsten-messen-im-herbst\/\" aria-label=\"Mehr \u00fcber Besuchen Sie uns auf den n\u00e4chsten Messen im Herbst\" tabindex=\"-1\" >\n\t\t\tMehr lesen \"\t\t<\/a>\n\n\t\t\t\t<\/div>\n\t\t\t\t\t<\/div>\n\t\t<\/article>\n\t\t\t\t<article class=\"elementor-post elementor-grid-item post-26656 post type-post status-publish format-standard has-post-thumbnail hentry category-messen-und-ausstellungen\" role=\"listitem\">\n\t\t\t<div class=\"elementor-post__card\">\n\t\t\t\t<a class=\"elementor-post__thumbnail__link\" href=\"https:\/\/www.capotex.com\/de\/capotex-wird-auf-der-batimatec-2022-in-alger-vom-15-bis-19-mai-in-halle-a-stand-as37-vertreten-sein\/\" tabindex=\"-1\" ><div class=\"elementor-post__thumbnail\"><img loading=\"lazy\" decoding=\"async\" width=\"455\" height=\"303\" src=\"https:\/\/www.capotex.com\/wp-content\/uploads\/2022\/05\/Capotex-at-Batimatec-2022.webp\" class=\"attachment-full size-full wp-image-23344\" alt=\"Capotex will be present at Batimatec trade fair 2022\" srcset=\"https:\/\/www.capotex.com\/wp-content\/uploads\/2022\/05\/Capotex-at-Batimatec-2022.webp 455w, https:\/\/www.capotex.com\/wp-content\/uploads\/2022\/05\/Capotex-at-Batimatec-2022-300x200.webp 300w\" sizes=\"(max-width: 455px) 100vw, 455px\" \/><\/div><\/a>\n\t\t\t\t<div class=\"elementor-post__text\">\n\t\t\t\t<h3 class=\"elementor-post__title\">\n\t\t\t<a href=\"https:\/\/www.capotex.com\/de\/capotex-wird-auf-der-batimatec-2022-in-alger-vom-15-bis-19-mai-in-halle-a-stand-as37-vertreten-sein\/\" >\n\t\t\t\tCapotex wird auf der BATIMATEC 2022 in Alger vom 15. bis 19. Mai in Halle A, Stand AS37 vertreten sein.\t\t\t<\/a>\n\t\t<\/h3>\n\t\t\n\t\t<a class=\"elementor-post__read-more\" href=\"https:\/\/www.capotex.com\/de\/capotex-wird-auf-der-batimatec-2022-in-alger-vom-15-bis-19-mai-in-halle-a-stand-as37-vertreten-sein\/\" aria-label=\"Mehr \u00fcber Capotex wird auf der BATIMATEC 2022 in Alger vom 15. bis 19. Mai in Halle A, Stand AS37 vertreten sein.\" tabindex=\"-1\" >\n\t\t\tMehr lesen \"\t\t<\/a>\n\n\t\t\t\t<\/div>\n\t\t\t\t\t<\/div>\n\t\t<\/article>\n\t\t\t\t<article class=\"elementor-post elementor-grid-item post-26599 post type-post status-publish format-standard has-post-thumbnail hentry category-messen-und-ausstellungen\" role=\"listitem\">\n\t\t\t<div class=\"elementor-post__card\">\n\t\t\t\t<a class=\"elementor-post__thumbnail__link\" href=\"https:\/\/www.capotex.com\/de\/capotex-und-die-messe-sim-marseille-2022\/\" tabindex=\"-1\" ><div class=\"elementor-post__thumbnail\"><img loading=\"lazy\" decoding=\"async\" width=\"960\" height=\"640\" src=\"https:\/\/www.capotex.com\/wp-content\/uploads\/2022\/04\/Capotex-at-Marseille-tradeshow-2022.webp\" class=\"attachment-full size-full wp-image-23351\" alt=\"Capotex at Marseille tradeshow 2022\" srcset=\"https:\/\/www.capotex.com\/wp-content\/uploads\/2022\/04\/Capotex-at-Marseille-tradeshow-2022.webp 960w, https:\/\/www.capotex.com\/wp-content\/uploads\/2022\/04\/Capotex-at-Marseille-tradeshow-2022-300x200.webp 300w, https:\/\/www.capotex.com\/wp-content\/uploads\/2022\/04\/Capotex-at-Marseille-tradeshow-2022-768x512.webp 768w\" sizes=\"(max-width: 960px) 100vw, 960px\" \/><\/div><\/a>\n\t\t\t\t<div class=\"elementor-post__text\">\n\t\t\t\t<h3 class=\"elementor-post__title\">\n\t\t\t<a href=\"https:\/\/www.capotex.com\/de\/capotex-und-die-messe-sim-marseille-2022\/\" >\n\t\t\t\tCapotex und die Messe SIM Marseille 2022\t\t\t<\/a>\n\t\t<\/h3>\n\t\t\n\t\t<a class=\"elementor-post__read-more\" href=\"https:\/\/www.capotex.com\/de\/capotex-und-die-messe-sim-marseille-2022\/\" aria-label=\"Mehr \u00fcber Capotex und die Messe SIM Marseille 2022\" tabindex=\"-1\" >\n\t\t\tMehr lesen \"\t\t<\/a>\n\n\t\t\t\t<\/div>\n\t\t\t\t\t<\/div>\n\t\t<\/article>\n\t\t\t\t<article class=\"elementor-post elementor-grid-item post-26638 post type-post status-publish format-standard has-post-thumbnail hentry category-nachrichten-uber-bergbau-und-steinbruche\" role=\"listitem\">\n\t\t\t<div class=\"elementor-post__card\">\n\t\t\t\t<a class=\"elementor-post__thumbnail__link\" href=\"https:\/\/www.capotex.com\/de\/ein-neues-wirtschaftliches-szenario-fuer-den-bergbau\/\" tabindex=\"-1\" ><div class=\"elementor-post__thumbnail\"><img loading=\"lazy\" decoding=\"async\" width=\"1741\" height=\"1306\" src=\"https:\/\/www.capotex.com\/wp-content\/uploads\/2021\/02\/A-new-economic-scenario-for-mining.webp\" class=\"attachment-full size-full wp-image-23874\" alt=\"A new economic scenario for mining\" srcset=\"https:\/\/www.capotex.com\/wp-content\/uploads\/2021\/02\/A-new-economic-scenario-for-mining.webp 1741w, https:\/\/www.capotex.com\/wp-content\/uploads\/2021\/02\/A-new-economic-scenario-for-mining-300x225.webp 300w, https:\/\/www.capotex.com\/wp-content\/uploads\/2021\/02\/A-new-economic-scenario-for-mining-1024x768.webp 1024w, https:\/\/www.capotex.com\/wp-content\/uploads\/2021\/02\/A-new-economic-scenario-for-mining-768x576.webp 768w, https:\/\/www.capotex.com\/wp-content\/uploads\/2021\/02\/A-new-economic-scenario-for-mining-1536x1152.webp 1536w\" sizes=\"(max-width: 1741px) 100vw, 1741px\" \/><\/div><\/a>\n\t\t\t\t<div class=\"elementor-post__text\">\n\t\t\t\t<h3 class=\"elementor-post__title\">\n\t\t\t<a href=\"https:\/\/www.capotex.com\/de\/ein-neues-wirtschaftliches-szenario-fuer-den-bergbau\/\" >\n\t\t\t\tEin neues wirtschaftliches Szenario f\u00fcr den Bergbau\t\t\t<\/a>\n\t\t<\/h3>\n\t\t\n\t\t<a class=\"elementor-post__read-more\" href=\"https:\/\/www.capotex.com\/de\/ein-neues-wirtschaftliches-szenario-fuer-den-bergbau\/\" aria-label=\"Mehr \u00fcber Ein neues wirtschaftliches Szenario f\u00fcr den Bergbau\" tabindex=\"-1\" >\n\t\t\tMehr lesen \"\t\t<\/a>\n\n\t\t\t\t<\/div>\n\t\t\t\t\t<\/div>\n\t\t<\/article>\n\t\t\t\t<\/div>\n\t\t\n\t\t\t\t<div class=\"e-load-more-anchor\" data-page=\"1\" data-max-page=\"3\" data-next-page=\"https:\/\/www.capotex.com\/de\/wp-json\/wp\/v2\/pages\/26466\/page\/2\/\"><\/div>\n\t\t\t\t<nav class=\"elementor-pagination\" aria-label=\"Seitennummerierung\">\n\t\t\t<span aria-current=\"page\" class=\"page-numbers current\"><span class=\"elementor-screen-only\">Seite<\/span>1<\/span>\n<a class=\"page-numbers\" href=\"https:\/\/www.capotex.com\/de\/wp-json\/wp\/v2\/pages\/26466\/page\/2\/\"><span class=\"elementor-screen-only\">Seite<\/span>2<\/a>\n<a class=\"page-numbers\" href=\"https:\/\/www.capotex.com\/de\/wp-json\/wp\/v2\/pages\/26466\/page\/3\/\"><span class=\"elementor-screen-only\">Seite<\/span>3<\/a>\t\t<\/nav>\n\t\t\t\t\t\t<\/div>\n\t\t\t\t<\/div>\n\t\t\t\t\t<\/div>\n\t\t\t\t<\/div>\n\t\t\t\t<\/div>\n\t\t","protected":false},"excerpt":{"rendered":"<p>Blog &amp; Nachrichten<\/p>\n","protected":false},"author":1,"featured_media":0,"parent":0,"menu_order":0,"comment_status":"closed","ping_status":"closed","template":"","meta":{"_joinchat":[],"footnotes":""},"tags":[],"class_list":["post-26466","page","type-page","status-publish","hentry"],"_links":{"self":[{"href":"https:\/\/www.capotex.com\/de\/wp-json\/wp\/v2\/pages\/26466","targetHints":{"allow":["GET"]}}],"collection":[{"href":"https:\/\/www.capotex.com\/de\/wp-json\/wp\/v2\/pages"}],"about":[{"href":"https:\/\/www.capotex.com\/de\/wp-json\/wp\/v2\/types\/page"}],"author":[{"embeddable":true,"href":"https:\/\/www.capotex.com\/de\/wp-json\/wp\/v2\/users\/1"}],"replies":[{"embeddable":true,"href":"https:\/\/www.capotex.com\/de\/wp-json\/wp\/v2\/comments?post=26466"}],"version-history":[{"count":2,"href":"https:\/\/www.capotex.com\/de\/wp-json\/wp\/v2\/pages\/26466\/revisions"}],"predecessor-version":[{"id":26489,"href":"https:\/\/www.capotex.com\/de\/wp-json\/wp\/v2\/pages\/26466\/revisions\/26489"}],"wp:attachment":[{"href":"https:\/\/www.capotex.com\/de\/wp-json\/wp\/v2\/media?parent=26466"}],"wp:term":[{"taxonomy":"post_tag","embeddable":true,"href":"https:\/\/www.capotex.com\/de\/wp-json\/wp\/v2\/tags?post=26466"}],"curies":[{"name":"wp","href":"https:\/\/api.w.org\/{rel}","templated":true}]}}