{"id":26257,"date":"2023-05-16T11:23:17","date_gmt":"2023-05-16T10:23:17","guid":{"rendered":"https:\/\/capotex.com\/maille-avec-vis-autotaraudeuse\/"},"modified":"2024-07-11T08:30:57","modified_gmt":"2024-07-11T07:30:57","slug":"protections-laterales-pour-capots-a-bande","status":"publish","type":"page","link":"https:\/\/www.capotex.com\/fr\/protections-laterales-pour-convoyeurs\/protections-laterales-pour-capots-a-bande\/","title":{"rendered":"Maille avec vis autotaraudeuse"},"content":{"rendered":"\t\t<div data-elementor-type=\"wp-page\" data-elementor-id=\"26257\" class=\"elementor elementor-26257 elementor-1763\" data-elementor-post-type=\"page\">\n\t\t\t\t<div class=\"elementor-element elementor-element-d6f361e e-flex e-con-boxed e-con e-parent\" data-id=\"d6f361e\" data-element_type=\"container\" data-e-type=\"container\">\n\t\t\t\t\t<div class=\"e-con-inner\">\n\t\t\t\t<div class=\"elementor-element elementor-element-8b50605 elementor-widget elementor-widget-heading\" data-id=\"8b50605\" data-element_type=\"widget\" data-e-type=\"widget\" data-widget_type=\"heading.default\">\n\t\t\t\t<div class=\"elementor-widget-container\">\n\t\t\t\t\t<h1 class=\"elementor-heading-title elementor-size-default\">Protections lat\u00e9rales pour capots a bande<\/h1>\t\t\t\t<\/div>\n\t\t\t\t<\/div>\n\t\t\t\t<div class=\"elementor-element elementor-element-2fdf1e4 elementor-widget elementor-widget-heading\" data-id=\"2fdf1e4\" data-element_type=\"widget\" data-e-type=\"widget\" data-widget_type=\"heading.default\">\n\t\t\t\t<div class=\"elementor-widget-container\">\n\t\t\t\t\t<h2 class=\"elementor-heading-title elementor-size-default\">Grille m\u00e9tallique de protection lat\u00e9rale de la bande de chargement du convoyeur avec vis autotaraudeuse (P1)<\/h2>\t\t\t\t<\/div>\n\t\t\t\t<\/div>\n\t\t\t\t<div class=\"elementor-element elementor-element-669d373 elementor-widget elementor-widget-image\" data-id=\"669d373\" data-element_type=\"widget\" data-e-type=\"widget\" data-widget_type=\"image.default\">\n\t\t\t\t<div class=\"elementor-widget-container\">\n\t\t\t\t\t\t\t\t\t\t\t\t\t\t\t\t<a href=\"https:\/\/www.capotex.com\/wp-content\/uploads\/2024\/07\/Protections-laterales-pour-capots-a-bande.jpg\" data-elementor-open-lightbox=\"yes\" data-elementor-lightbox-title=\"Protections lat\u00e9rales pour capots a bande\" data-e-action-hash=\"#elementor-action%3Aaction%3Dlightbox%26settings%3DeyJpZCI6MzQ5NjAsInVybCI6Imh0dHBzOlwvXC93d3cuY2Fwb3RleC5jb21cL3dwLWNvbnRlbnRcL3VwbG9hZHNcLzIwMjRcLzA3XC9Qcm90ZWN0aW9ucy1sYXRlcmFsZXMtcG91ci1jYXBvdHMtYS1iYW5kZS5qcGcifQ%3D%3D\">\n\t\t\t\t\t\t\t<img fetchpriority=\"high\" decoding=\"async\" width=\"546\" height=\"400\" src=\"https:\/\/www.capotex.com\/wp-content\/uploads\/2024\/07\/Protections-laterales-pour-capots-a-bande.jpg\" class=\"attachment-full size-full wp-image-34960\" alt=\"Protections lat\u00e9rales pour capots a bande\" srcset=\"https:\/\/www.capotex.com\/wp-content\/uploads\/2024\/07\/Protections-laterales-pour-capots-a-bande.jpg 546w, https:\/\/www.capotex.com\/wp-content\/uploads\/2024\/07\/Protections-laterales-pour-capots-a-bande-300x220.jpg 300w\" sizes=\"(max-width: 546px) 100vw, 546px\" \/>\t\t\t\t\t\t\t\t<\/a>\n\t\t\t\t\t\t\t\t\t\t\t\t\t\t\t<\/div>\n\t\t\t\t<\/div>\n\t\t\t\t\t<\/div>\n\t\t\t\t<\/div>\n\t\t<div class=\"elementor-element elementor-element-82ef0d0 e-flex e-con-boxed e-con e-parent\" data-id=\"82ef0d0\" data-element_type=\"container\" data-e-type=\"container\">\n\t\t\t\t\t<div class=\"e-con-inner\">\n\t\t<div class=\"elementor-element elementor-element-f2cb550 e-con-full e-flex e-con e-child\" data-id=\"f2cb550\" data-element_type=\"container\" data-e-type=\"container\">\n\t\t\t\t<div class=\"elementor-element elementor-element-327d608 elementor-widget elementor-widget-text-editor\" data-id=\"327d608\" data-element_type=\"widget\" data-e-type=\"widget\" data-widget_type=\"text-editor.default\">\n\t\t\t\t<div class=\"elementor-widget-container\">\n\t\t\t\t\t\t\t\t\t<p><strong>Caract\u00e9ristiques :<\/strong><\/p>\n<ul>\n<li>Ils veillent \u00e0 la coh\u00e9rence et \u00e0 la conformit\u00e9 des r\u00e8glements.<\/li>\n<li>Gr\u00e2ce \u00e0 l&rsquo;innovation de leurs solutions personnalis\u00e9es, ils garantissent une installation correcte.<\/li>\n<li>Il s&rsquo;agit de l&rsquo;une des options de protection lat\u00e9rale sup\u00e9rieure &#8211; ceinture de charge &#8211; les plus \u00e9conomiques.<\/li>\n<li>Bien qu&rsquo;ils soient consid\u00e9r\u00e9s comme des gardes fixes, ils peuvent \u00eatre d\u00e9mont\u00e9s pour les op\u00e9rations de maintenance.<\/li>\n<li>Ce garde-corps est viss\u00e9 \u00e0 un poteau qui est viss\u00e9 au cadre.<\/li>\n<\/ul>\n\t\t\t\t\t\t\t\t<\/div>\n\t\t\t\t<\/div>\n\t\t\t\t<\/div>\n\t\t<div class=\"elementor-element elementor-element-ca54301 e-con-full e-flex e-con e-child\" data-id=\"ca54301\" data-element_type=\"container\" data-e-type=\"container\">\n\t\t\t\t<div class=\"elementor-element elementor-element-fe16220 elementor-widget elementor-widget-text-editor\" data-id=\"fe16220\" data-element_type=\"widget\" data-e-type=\"widget\" data-widget_type=\"text-editor.default\">\n\t\t\t\t<div class=\"elementor-widget-container\">\n\t\t\t\t\t\t\t\t\t<p><strong>Mat\u00e9riaux :<\/strong><\/p>\n<ul>\n<li>Galvanis\u00e9 \u00e0 chaud.<\/li>\n<li>Acier inoxydable 304.<\/li>\n<li>Acier inoxydable 316.<\/li>\n<\/ul>\n\t\t\t\t\t\t\t\t<\/div>\n\t\t\t\t<\/div>\n\t\t\t\t<\/div>\n\t\t<div class=\"elementor-element elementor-element-4df8a6f e-con-full e-flex e-con e-child\" data-id=\"4df8a6f\" data-element_type=\"container\" data-e-type=\"container\">\n\t\t\t\t<div class=\"elementor-element elementor-element-158a2f4 elementor-widget elementor-widget-text-editor\" data-id=\"158a2f4\" data-element_type=\"widget\" data-e-type=\"widget\" data-widget_type=\"text-editor.default\">\n\t\t\t\t<div class=\"elementor-widget-container\">\n\t\t\t\t\t\t\t\t\t<p><strong>Caract\u00e9ristiques techniques :<\/strong><\/p><ul><li><strong>Longueur de l&rsquo;unit\u00e9<\/strong> de 1,5 \u00e0 2,4 m\u00e8tres.<\/li><li><strong>Hauteur<\/strong> selon <a href=\"https:\/\/www.capotex.com\/wp-content\/uploads\/2024\/03\/P1-Mesh-dimensions.pdf\" target=\"_blank\" rel=\"noopener\">dessin<\/a>.<\/li><li><strong>Poids du syst\u00e8me<\/strong> 4,7 kg\/m\u00e8tre.<\/li><li><strong>Maille standard<\/strong> 33&#215;33 fil 3 mm (autres dimensions sur demande).<\/li><\/ul>\t\t\t\t\t\t\t\t<\/div>\n\t\t\t\t<\/div>\n\t\t\t\t<\/div>\n\t\t\t\t\t<\/div>\n\t\t\t\t<\/div>\n\t\t<div class=\"elementor-element elementor-element-8ac228e e-flex e-con-boxed e-con e-parent\" data-id=\"8ac228e\" data-element_type=\"container\" data-e-type=\"container\">\n\t\t\t\t\t<div class=\"e-con-inner\">\n\t\t<div class=\"elementor-element elementor-element-4b3181f e-flex e-con-boxed e-con e-child\" data-id=\"4b3181f\" data-element_type=\"container\" data-e-type=\"container\">\n\t\t\t\t\t<div class=\"e-con-inner\">\n\t\t\t\t<div class=\"elementor-element elementor-element-75a1d20 elementor-widget elementor-widget-image\" data-id=\"75a1d20\" data-element_type=\"widget\" data-e-type=\"widget\" data-widget_type=\"image.default\">\n\t\t\t\t<div class=\"elementor-widget-container\">\n\t\t\t\t\t\t\t\t\t\t\t\t\t\t\t\t<a href=\"https:\/\/www.capotex.com\/wp-content\/uploads\/2024\/03\/P-1_MESH-Francais.pdf\" target=\"_blank\">\n\t\t\t\t\t\t\t<img decoding=\"async\" width=\"793\" height=\"560\" src=\"https:\/\/www.capotex.com\/wp-content\/uploads\/2024\/03\/P-1_Mesh_French.jpg\" class=\"attachment-full size-full wp-image-32315\" alt=\"Protections lat\u00e9rales pour capots a bande\" srcset=\"https:\/\/www.capotex.com\/wp-content\/uploads\/2024\/03\/P-1_Mesh_French.jpg 793w, https:\/\/www.capotex.com\/wp-content\/uploads\/2024\/03\/P-1_Mesh_French-300x212.jpg 300w, https:\/\/www.capotex.com\/wp-content\/uploads\/2024\/03\/P-1_Mesh_French-768x542.jpg 768w\" sizes=\"(max-width: 793px) 100vw, 793px\" \/>\t\t\t\t\t\t\t\t<\/a>\n\t\t\t\t\t\t\t\t\t\t\t\t\t\t\t<\/div>\n\t\t\t\t<\/div>\n\t\t\t\t<div class=\"elementor-element elementor-element-3db4c60 elementor-widget elementor-widget-text-editor\" data-id=\"3db4c60\" data-element_type=\"widget\" data-e-type=\"widget\" data-widget_type=\"text-editor.default\">\n\t\t\t\t<div class=\"elementor-widget-container\">\n\t\t\t\t\t\t\t\t\t<p style=\"text-align: center;\"><a href=\"https:\/\/www.capotex.com\/wp-content\/uploads\/2024\/03\/P-1_MESH-Francais.pdf\" target=\"_blank\" rel=\"noopener\"><em>T\u00e9l\u00e9charger le plan de maillage P-1 en pdf<\/em><\/a><\/p>\t\t\t\t\t\t\t\t<\/div>\n\t\t\t\t<\/div>\n\t\t\t\t\t<\/div>\n\t\t\t\t<\/div>\n\t\t\t\t\t<\/div>\n\t\t\t\t<\/div>\n\t\t\t\t<\/div>\n\t\t","protected":false},"excerpt":{"rendered":"<p>Protections lat\u00e9rales pour capots a bande Grille m\u00e9tallique de protection lat\u00e9rale de la bande de chargement du convoyeur avec vis autotaraudeuse (P1) Caract\u00e9ristiques : Ils veillent \u00e0 la coh\u00e9rence et \u00e0 la conformit\u00e9 des r\u00e8glements. Gr\u00e2ce \u00e0 l&rsquo;innovation de leurs solutions personnalis\u00e9es, ils garantissent une installation correcte. Il s&rsquo;agit de l&rsquo;une des options de protection [&hellip;]<\/p>\n","protected":false},"author":1,"featured_media":1689,"parent":26282,"menu_order":10,"comment_status":"closed","ping_status":"closed","template":"","meta":{"_joinchat":[],"footnotes":""},"tags":[62],"class_list":["post-26257","page","type-page","status-publish","has-post-thumbnail","hentry","tag-ceinture-de-charge"],"_links":{"self":[{"href":"https:\/\/www.capotex.com\/fr\/wp-json\/wp\/v2\/pages\/26257","targetHints":{"allow":["GET"]}}],"collection":[{"href":"https:\/\/www.capotex.com\/fr\/wp-json\/wp\/v2\/pages"}],"about":[{"href":"https:\/\/www.capotex.com\/fr\/wp-json\/wp\/v2\/types\/page"}],"author":[{"embeddable":true,"href":"https:\/\/www.capotex.com\/fr\/wp-json\/wp\/v2\/users\/1"}],"replies":[{"embeddable":true,"href":"https:\/\/www.capotex.com\/fr\/wp-json\/wp\/v2\/comments?post=26257"}],"version-history":[{"count":17,"href":"https:\/\/www.capotex.com\/fr\/wp-json\/wp\/v2\/pages\/26257\/revisions"}],"predecessor-version":[{"id":35018,"href":"https:\/\/www.capotex.com\/fr\/wp-json\/wp\/v2\/pages\/26257\/revisions\/35018"}],"up":[{"embeddable":true,"href":"https:\/\/www.capotex.com\/fr\/wp-json\/wp\/v2\/pages\/26282"}],"wp:featuredmedia":[{"embeddable":true,"href":"https:\/\/www.capotex.com\/fr\/wp-json\/wp\/v2\/media\/1689"}],"wp:attachment":[{"href":"https:\/\/www.capotex.com\/fr\/wp-json\/wp\/v2\/media?parent=26257"}],"wp:term":[{"taxonomy":"post_tag","embeddable":true,"href":"https:\/\/www.capotex.com\/fr\/wp-json\/wp\/v2\/tags?post=26257"}],"curies":[{"name":"wp","href":"https:\/\/api.w.org\/{rel}","templated":true}]}}